{"id":11696,"date":"2013-06-19T13:35:24","date_gmt":"2013-06-19T11:35:24","guid":{"rendered":"http:\/\/www.2mecs.de\/wp\/?page_id=11696"},"modified":"2023-04-19T11:02:25","modified_gmt":"2023-04-19T09:02:25","slug":"act-up","status":"publish","type":"page","link":"https:\/\/www.2mecs.de\/wp\/act-up\/","title":{"rendered":"ACT UP Aids-Aktivismus"},"content":{"rendered":"\n<p>ACT UP &#8211; international sorgten ab Ende der 1980er Jahre Aids-Aktionsgruppen mit medieng\u00e4ngigen und \u00f6ffentlichkeitswirksamen Aktionen, mit neuen Formen des Aktivismus f\u00fcr Druck auf Politik, Medizin und \u00d6ffentlichkeit, die Aids-Krise und vor allem die Situation von Menschen mit HIV und Aids ernster zu nehmen und zu handeln.<\/p>\n\n\n\n<figure class=\"wp-block-image alignnone\"><a href=\"https:\/\/www.2mecs.de\/wp\/wp-content\/uploads\/2013\/03\/ACTUP_DAC_Wiesbaden_1992_a.jpg\" data-rel=\"lightbox-gallery-VPg4ToxV\" data-rl_title=\"ACT UP Aktion beim 3. Deutschen Aids-Kongress Wiesbaden 1992\" data-rl_caption=\"\" title=\"ACT UP Aktion beim 3. Deutschen Aids-Kongress Wiesbaden 1992\"><img decoding=\"async\" width=\"972\" height=\"694\" data-src=\"https:\/\/www.2mecs.de\/wp\/wp-content\/uploads\/2013\/03\/ACTUP_DAC_Wiesbaden_1992_a.jpg\" alt=\"ACT UP Aktion beim 3. Deutschen Aids-Kongress Wiesbaden 1992\" class=\"wp-image-9453 lazyload\" data-srcset=\"https:\/\/www.2mecs.de\/wp\/wp-content\/uploads\/2013\/03\/ACTUP_DAC_Wiesbaden_1992_a.jpg 972w, https:\/\/www.2mecs.de\/wp\/wp-content\/uploads\/2013\/03\/ACTUP_DAC_Wiesbaden_1992_a-300x214.jpg 300w\" data-sizes=\"(max-width: 972px) 100vw, 972px\" src=\"data:image\/svg+xml;base64,PHN2ZyB3aWR0aD0iMSIgaGVpZ2h0PSIxIiB4bWxucz0iaHR0cDovL3d3dy53My5vcmcvMjAwMC9zdmciPjwvc3ZnPg==\" style=\"--smush-placeholder-width: 972px; --smush-placeholder-aspect-ratio: 972\/694;\" \/><\/a><figcaption class=\"wp-element-caption\">ACT UP Aktion beim 3. Deutschen Aids-Kongress Wiesbaden 1992<\/figcaption><\/figure>\n\n\n\n<p>ACTUP entstand im M\u00e4rz 1987 in New York. Knapp drei Wochen nach der Gr\u00fcndung, am 24. M\u00e4rz 1987 trat ACT UP New York erstmals mit einer Aktion \u00f6ffentlich in Erscheinung: auf der Wall Street vor der Trinity Church forderten Demonstranten schnellere Medikamenten-Zulassung, Abschaffung von Doppelblind-Studien, sowie die schnellstm\u00f6gliche Verf\u00fcgbarkeit von Medikamenten f\u00fcr Menschen mit Aids, und zu vertretbaren Preisen (<a href=\"https:\/\/www.2mecs.de\/wp\/2017\/03\/30-jahre-azt\/\" target=\"_blank\" rel=\"noopener noreferrer\">AZT<\/a>). Bereits kurze Zeit sp\u00e4ter verk\u00fcndet die FDA, das Verfahren der Medikamenten-Zulassung zu beschleunigen. Im <a href=\"https:\/\/www.2mecs.de\/wp\/2017\/12\/act-up-und-gewaltfreiheit\/\" target=\"_blank\" rel=\"noopener noreferrer\">Kern von ACT UP war immer die gewaltfreie Aktion (nonviolent direct action<\/a>).<\/p>\n\n\n\n<p>In Deutschland wurde die erste Gruppe 1989 in Berlin gegr\u00fcndet. Die &#8218;Bl\u00fctezeit&#8216; der deutschen Gruppen endete im wesentlichen 1993.<\/p>\n\n\n\n<h3 class=\"wp-block-heading\">ACT UP Ur-Vater Larry Kramer<\/h3>\n\n\n\n<p>ACTUP entstand nicht &#8222;aus dem nichts&#8220; heraus. Besonders wichtig und einer der Vor-Denker&nbsp; (der Aktionsform) war insbesondere <a title=\"Gene Sharp\" href=\"https:\/\/www.2mecs.de\/wp\/2011\/03\/gene-sharp\/\" target=\"_blank\" rel=\"noopener noreferrer\">Gene Sharp, der Vater der \u2018gewaltfreien Aktion\u2019 als Form politischen Engagements<\/a>.<\/p>\n\n\n\n<p>Eine der zentralen Personen bei der konkreten Entstehung war der US-Autor und Aktivist Larry Kramer.<\/p>\n\n\n\n<figure class=\"wp-block-image alignnone\"><a href=\"https:\/\/www.2mecs.de\/wp\/wp-content\/uploads\/2013\/03\/LarryKramer2007.jpg\" data-rel=\"lightbox-gallery-VPg4ToxV\" data-rl_title=\"Larry Kramer im Fr\u00fchjahr 2007 auf dem Balkon seiner Wohnung in New York (Foto: David Shankbone)\" data-rl_caption=\"\" title=\"Larry Kramer im Fr\u00fchjahr 2007 auf dem Balkon seiner Wohnung in New York (Foto: David Shankbone)\"><img decoding=\"async\" width=\"560\" height=\"420\" data-src=\"https:\/\/www.2mecs.de\/wp\/wp-content\/uploads\/2013\/03\/LarryKramer2007.jpg\" alt=\"Larry Kramer im Fr\u00fchjahr 2007 auf dem Balkon seiner Wohnung in New York (Foto: David Shankbone)\" class=\"wp-image-8652 lazyload\" data-srcset=\"https:\/\/www.2mecs.de\/wp\/wp-content\/uploads\/2013\/03\/LarryKramer2007.jpg 560w, https:\/\/www.2mecs.de\/wp\/wp-content\/uploads\/2013\/03\/LarryKramer2007-300x225.jpg 300w\" data-sizes=\"(max-width: 560px) 100vw, 560px\" src=\"data:image\/svg+xml;base64,PHN2ZyB3aWR0aD0iMSIgaGVpZ2h0PSIxIiB4bWxucz0iaHR0cDovL3d3dy53My5vcmcvMjAwMC9zdmciPjwvc3ZnPg==\" style=\"--smush-placeholder-width: 560px; --smush-placeholder-aspect-ratio: 560\/420;\" \/><\/a><figcaption class=\"wp-element-caption\">Larry Kramer im Fr\u00fchjahr 2007 auf dem Balkon seiner Wohnung in New York (Foto: David Shankbone)<\/figcaption><\/figure>\n\n\n\n<p>Kramer trug im M\u00e4rz 1987 gemeinsam mit anderen wesentlich zur Gr\u00fcndung von ACTUP New York bei. Douglas Crimp, Professor f\u00fcr Kunstgeschichte, zufolge [1] gab Kramer den Ausl\u00f6ser f\u00fcr die Gr\u00fcndung, indem er auf einer Versammlung im Lesbian and Gay Community Services Center in New York die Anwesenden fragte<\/p>\n\n\n\n<p class=\"has-text-align-center\"><strong> &#8222;<em>Do we want to start a new organization devoted to political action?<\/em>&#8222;<\/strong><\/p>\n\n\n\n<p>Zwei Tage sp\u00e4ter wurde die Gruppe in New York gegr\u00fcndet.<\/p>\n\n\n\n<p>Schon einige Jahre zuvor hatte <a title=\"Larry Kramer Wut-Rede &quot;1,112 and counting&quot;\" href=\"https:\/\/www.2mecs.de\/wp\/2013\/03\/larry-kramer-wutrede-1112-and-counting\/\" target=\"_blank\" rel=\"noopener noreferrer\">Larry Kramer mit seiner &#8218;Wut-Rede&#8216; 1,112 and counting<\/a> f\u00fcr Aufsehen gesorgt und Teile der New Yorker Schwulenszene versucht wachzur\u00fctteln.<\/p>\n\n\n\n<p>Zahlreiche bekannte Aktivsten und K\u00fcnstler engagierten sich insbesondere in den USA bei ACTUP &#8211; neben dem Autor Larry Kramer z.B. der <a title=\"Vito Russo\" href=\"https:\/\/www.2mecs.de\/wp\/2012\/07\/vito-russo-neue-dokumentation-portraitiert-schwulen-aktivisten-und-film-historiker\/\" target=\"_blank\" rel=\"noopener noreferrer\">Film-Historiker und Schwulen-Aktivist Vito Russo<\/a>, und der Schriftsteller und Rundfunksprecher <a title=\"Michealngelo Signorile\" href=\"https:\/\/www.2mecs.de\/wp\/2013\/03\/aktivismus-haben-uns-voran-gebracht-nicht-der-schwule-mainstream\/\" target=\"_blank\" rel=\"noopener noreferrer\">Michelangelo Signorile<\/a>. Die Auseinandersetzung von Kunst mit Aids und Aids-Aktivismus thematisierte in Europa erstmals die Ausstellung &#8218;Vollbild Aids&#8216; 1988 &#8211; und 2013\/14 r\u00fcckblickend, analysierend die Ausstellung <a title=\"Love Aids Riot Sex\" href=\"https:\/\/www.2mecs.de\/wp\/2013\/11\/love-aids-riot-sex\/\" target=\"_blank\" rel=\"noopener noreferrer\">Love Aids Riot Sex<\/a>.<\/p>\n\n\n\n<h2 class=\"wp-block-heading\">ACT UP in Deutschland<\/h2>\n\n\n\n<p>Ab 1988 kam es auch in Deutschland zu vielf\u00e4ltigen Aktionen, zahlreiche Gruppen gr\u00fcndeten sich.<\/p>\n\n\n\n<p>Ich (<em>Ulli, der eine der 2mecs<\/em>) war selbst aktiv bei ACT UP K\u00f6ln sowie bei den Koordinationen in Deutschland und in Europa. \u00dcber meine pers\u00f6nlichen Erinnerungen an das Entstehen in Deutschland, an erfolgreiche Aktionen, aber auch an das Ende und dessen m\u00f6gliche Gr\u00fcnde habe ich in einer Mini-Serie berichtet:<\/p>\n\n\n\n<p><em>Meine pers\u00f6nlichen Erinnerungen an die ACT UP Jahre erz\u00e4hle ich in dem 2017 erschienenen <a href=\"https:\/\/www.2mecs.de\/wp\/2017\/07\/schweigen-tod-aktion-leben-act-up-in-deutschland-1989-bis-1993\/\" target=\"_blank\" rel=\"noopener noreferrer\">Buch \u201eSchweigen = Tod, Aktion = Leben \u2013 ACT UP in Deutschland 1989 bis 1993\u201c<\/a>.<\/em><\/p>\n\n\n\n<p>Was f\u00fchrte zur <a title=\"Entstehung von ACT UP\" href=\"https:\/\/www.2mecs.de\/wp\/2013\/06\/warum-act-up-act-up-erinnerungen-1\/\" target=\"_blank\" rel=\"noopener noreferrer\">Entstehung von ACT UP<\/a>, aus welcher Stimmung und gesellschaftlichen Situation heraus bildeten sich die Gruppen? Wie sah&nbsp; <a title=\"ACT UP Deutschland\" href=\"http:\/\/www.2mecs.de\/wp\/2013\/06\/act-up-in-deutschland-act-up-erinnerungen-2\/\" target=\"_blank\" rel=\"noopener noreferrer\">ACT UP in Deutschland<\/a> aus, in welchen St\u00e4dten gab es Gruppen, wie wurde kooperiert, welche Aktionen wurden durchgef\u00fchrt? Was war besonders an der Gruppe, in der ich mich engagierte,&nbsp; <a title=\"ACT UP K\u00f6ln\" href=\"http:\/\/www.2mecs.de\/wp\/2013\/06\/act-up-koln-act-up-erinnerungen-3\/\" target=\"_blank\" rel=\"noopener noreferrer\">ACT UP K\u00f6ln<\/a>?<\/p>\n\n\n\n<p>Und was war das besondere an der wohl erfolgreichsten und bekanntesten Aktion in Deutschland, <a title=\"ACT UP Proteste im Dom zu Fulda\" href=\"https:\/\/www.2mecs.de\/wp\/2013\/06\/herr-dyba-aids-und-act-up-act-up-erinnerungen-5\/\" target=\"_blank\" rel=\"noopener noreferrer\">Proteste im Dom zu Fulda<\/a> im September 1991 (denen eine <a title=\"ACT UP Dom Frankfurt\" href=\"https:\/\/www.2mecs.de\/wp\/2014\/01\/act-protest-dom-zu-frankfurt-main-1-september-1991\/\" target=\"_blank\" rel=\"noopener noreferrer\">Aktion am Dom in Frankfurt<\/a> voran gegangen war, die sp\u00e4ter auch <a title=\"ACT UP Paris Proteste in Notre Dame 1991\" href=\"https:\/\/www.2mecs.de\/wp\/2013\/11\/act-paris-1991\/\" target=\"_blank\" rel=\"noopener noreferrer\">ACT UP Paris analog in Notre Dame<\/a> durchf\u00fchrte)?<\/p>\n\n\n\n<figure class=\"wp-block-image alignnone\"><a href=\"https:\/\/www.2mecs.de\/wp\/wp-content\/uploads\/2014\/02\/ACT-UP-Frankfurt-Dom-19910901-02w.jpg\" data-rel=\"lightbox-gallery-VPg4ToxV\" data-rl_title=\"ACT UP Protest Dom zu Frankfurt am Main, 1. September 1991\" data-rl_caption=\"\" title=\"ACT UP Protest Dom zu Frankfurt am Main, 1. September 1991\"><img decoding=\"async\" width=\"701\" height=\"474\" data-src=\"https:\/\/www.2mecs.de\/wp\/wp-content\/uploads\/2014\/02\/ACT-UP-Frankfurt-Dom-19910901-02w.jpg\" alt=\"ACT UP Protest Dom zu Frankfurt am Main, 1. September 1991\" class=\"wp-image-15558 lazyload\" data-srcset=\"https:\/\/www.2mecs.de\/wp\/wp-content\/uploads\/2014\/02\/ACT-UP-Frankfurt-Dom-19910901-02w.jpg 701w, https:\/\/www.2mecs.de\/wp\/wp-content\/uploads\/2014\/02\/ACT-UP-Frankfurt-Dom-19910901-02w-300x202.jpg 300w\" data-sizes=\"(max-width: 701px) 100vw, 701px\" src=\"data:image\/svg+xml;base64,PHN2ZyB3aWR0aD0iMSIgaGVpZ2h0PSIxIiB4bWxucz0iaHR0cDovL3d3dy53My5vcmcvMjAwMC9zdmciPjwvc3ZnPg==\" style=\"--smush-placeholder-width: 701px; --smush-placeholder-aspect-ratio: 701\/474;\" \/><\/a><figcaption class=\"wp-element-caption\">ACT UP Protest Dom zu Frankfurt am Main, 1. September 1991<\/figcaption><\/figure>\n\n\n\n<p>Ist ACTUP ein aus den USA \u00fcbernommenes Konzept? In welchem Verh\u00e4ltnis standen <a title=\"ACT UP Deutschland\" href=\"https:\/\/www.2mecs.de\/wp\/2013\/06\/act-up-deutschland-und-die-usa-act-up-erinnerungen-4\/\" target=\"_blank\" rel=\"noopener noreferrer\">ACT UP Deutschland und die Gruppen in den USA<\/a>?<\/p>\n\n\n\n<p>Wie kam es zum\u00a0 <a title=\"Ende von ACT UP\" href=\"https:\/\/www.2mecs.de\/wp\/2013\/06\/das-ende-von-act-up-in-deutschland-act-up-erinnerungen-6\/\" target=\"_blank\" rel=\"noopener noreferrer\">Ende von ACT UP in Deutschland<\/a>? Warum lebte ACT UP Paris so viel l\u00e4nger, \u00fcberlebte 2015 sogar eine Insolvenz? Welche Faktoren f\u00fchrten zum schleichenden Niedergang der meisten Gruppen? Und aus heutiger Sicht &#8211; hat sich mehr als kurzfristig etwas bewegt? <a title=\"nach ACT UP\" href=\"https:\/\/www.2mecs.de\/wp\/2013\/06\/act-up-was-bleibt-act-up-erinnerungen-7\/\" target=\"_blank\" rel=\"noopener noreferrer\">Nach ACT UP \u2013 was bleibt?<\/a><\/p>\n\n\n\n<p>Nebenbei, ACT UP war (auch) Mode: die zeitweise sehr beliebten (und gut verkauften) ACT UP T-Shirts hatten f\u00fcr uns mehr als \u2018nur\u2019 die Funktion einer Mode, sie waren f\u00fcr uns wie f\u00fcr nahezu alle Gruppen (ebenso wie die Buttons) wichtige Finanzierungs-Quelle.<\/p>\n\n\n\n<figure class=\"wp-block-image alignnone\"><a href=\"http:\/\/www.2mecs.de\/wp\/wp-content\/uploads\/2013\/06\/Schweigen-gleich-Tod-ACT-UP-Button-a.jpg\" data-rel=\"lightbox-gallery-VPg4ToxV\" data-rl_title=\"Schweigen = Tod, ACT UP Button, ca. 1990\" data-rl_caption=\"\" title=\"Schweigen = Tod, ACT UP Button, ca. 1990\"><img decoding=\"async\" width=\"410\" height=\"450\" data-src=\"http:\/\/www.2mecs.de\/wp\/wp-content\/uploads\/2013\/06\/Schweigen-gleich-Tod-ACT-UP-Button-a.jpg\" alt=\"Schweigen = Tod, ACT UP Button, ca. 1990\" class=\"wp-image-11824 lazyload\" data-srcset=\"https:\/\/www.2mecs.de\/wp\/wp-content\/uploads\/2013\/06\/Schweigen-gleich-Tod-ACT-UP-Button-a.jpg 410w, https:\/\/www.2mecs.de\/wp\/wp-content\/uploads\/2013\/06\/Schweigen-gleich-Tod-ACT-UP-Button-a-273x300.jpg 273w\" data-sizes=\"(max-width: 410px) 100vw, 410px\" src=\"data:image\/svg+xml;base64,PHN2ZyB3aWR0aD0iMSIgaGVpZ2h0PSIxIiB4bWxucz0iaHR0cDovL3d3dy53My5vcmcvMjAwMC9zdmciPjwvc3ZnPg==\" style=\"--smush-placeholder-width: 410px; --smush-placeholder-aspect-ratio: 410\/450;\" \/><\/a><figcaption class=\"wp-element-caption\">Schweigen = Tod, Button, ca. 1990<\/figcaption><\/figure>\n\n\n\n<p>.<\/p>\n\n\n\n<p>Zahlreiche der Mitstreiter in Deutschland sind an den Folgen von Aids verstorben, so <a href=\"https:\/\/www.2mecs.de\/wp\/2009\/02\/andreas-salmen-1962-1992\/\" target=\"_blank\" rel=\"noopener noreferrer\">Andreas Salmen<\/a>, Ingo Schmitz, <a title=\"Frank Rauenbusch (geb. Schwarz)\" href=\"https:\/\/www.2mecs.de\/wp\/2013\/02\/in-memoriam-frank-rauenbusch\/\" target=\"_blank\" rel=\"noopener noreferrer\">Frank Rauenbusch (geb. Schwarz)<\/a>, <a title=\"Ernst Meibeck\" href=\"https:\/\/www.2mecs.de\/wp\/2012\/07\/erinnerungen-an-ernst-meibeck\/\" target=\"_blank\" rel=\"noopener noreferrer\">Ernst Meibeck<\/a> und Ovo Maltine.<\/p>\n\n\n\n<p>.<\/p>\n\n\n\n<p>Einige der Errungenschaften von ACTUP in Deutschland wirken bis heute fort, so insbesondere die <a title=\"Positiven-Beteiligung an Aids-Kongressen \u2013 vor 20 Jahren ein Skandal, heute Normalit\u00e4t\" href=\"https:\/\/www.2mecs.de\/wp\/2013\/01\/positiven-beteiligung-an-aids-kongressen-vor-20-jahren-ein-skandal-heute-normalitat\/\" target=\"_blank\" rel=\"noopener noreferrer\">Positiven-Beteiligung an Aids-Kongressen, die 1990 noch ein Skandal war und heute Normalit\u00e4t<\/a> ist. Erste wichtige Meilenstein waren dabei\u00a0 der <a title=\"3. Deutscher Aids-Kongress Hamburg\" href=\"https:\/\/www.2mecs.de\/wp\/2013\/01\/3-deutscher-aids-kongress-hamburg-1990-actup\/\" target=\"_blank\" rel=\"noopener noreferrer\">3. Deutsche Aids-Kongress in Hamburg 1990<\/a>, bei dem sich HIV-Positive und Aids-Kranke (gegen den Willen der Kongress-Veranstalter) erstmals Zutritt verschafften (<a title=\"Fotos ACT UP Deutscher Aids-Kongress Hamburg 1990\" href=\"http:\/\/www.2mecs.de\/wp\/2013\/01\/fotos-act-up-aktion-deutscher-aids-kongress-hamburg-1990\/\" target=\"_blank\" rel=\"noopener noreferrer\">Fotos<\/a>), sowie der 4. Deutsche Aids-Kongress in Wiesbaden 1992, bei dem erstmals HIV-Positive auf dem Podium standen (ebenfalls ungebeten), und gegen die damalige Bundesgesundheitsministerin protestierten.<\/p>\n\n\n\n<p>.<\/p>\n\n\n\n<p>Warum war ACT UP so wichtig, bedeutend f\u00fcr heutige Lebensrealit\u00e4ten? Michelangelo Signorile hat es kurz auf den Punkt gebracht:<\/p>\n\n\n\n<p class=\"has-text-align-center\"><a title=\"Aktivismus\" href=\"https:\/\/www.2mecs.de\/wp\/2013\/03\/aktivismus-haben-uns-voran-gebracht-nicht-der-schwule-mainstream\/\" target=\"_blank\" rel=\"noopener noreferrer\">Aktivismus hat uns voran gebracht, nicht schwuler Mainstream<\/a>.<\/p>\n\n\n\n<p>.<\/p>\n\n\n\n<p>Unter diesem Link sind <a href=\"https:\/\/www.2mecs.de\/wp\/tag\/act-up\/\" target=\"_blank\" rel=\"noopener noreferrer\">alle 2mecs-Texte zum Thema ACT UP<\/a> zu finden.<\/p>\n\n\n\n<p>.<\/p>\n\n\n\n<p><strong>[1]<\/strong> vgl. Douglas Crimp with Adam Rolston: Aids DemoGraphics, Seattle 1990<\/p>\n\n\n\n<p>.<\/p>\n","protected":false},"excerpt":{"rendered":"<p>ACT UP &#8211; international sorgten ab Ende der 1980er Jahre Aids-Aktionsgruppen mit medieng\u00e4ngigen und \u00f6ffentlichkeitswirksamen Aktionen, mit neuen Formen des Aktivismus f\u00fcr Druck auf Politik, Medizin und \u00d6ffentlichkeit, die Aids-Krise und vor allem die Situation von Menschen mit HIV und Aids ernster zu nehmen und zu handeln. ACTUP entstand im M\u00e4rz 1987 in New York. [&hellip;]<\/p>\n","protected":false},"author":2,"featured_media":0,"parent":0,"menu_order":0,"comment_status":"open","ping_status":"open","template":"","meta":{"_lmt_disableupdate":"","_lmt_disable":"","footnotes":""},"class_list":["post-11696","page","type-page","status-publish","hentry"],"yoast_head":"<!-- This site is optimized with the Yoast SEO plugin v27.5 - https:\/\/yoast.com\/product\/yoast-seo-wordpress\/ -->\n<title>ACT UP Aids-Aktivismus Aids Coalition to Unleash Power<\/title>\n<meta name=\"description\" content=\"ACT UP \u00dcbersicht Aids-Aktivismus Deutschland ab Ende 1980er Jahre Aktionen Aids-Krise Menschen mit HIV Aids Act-Up ACTUP Europa\" \/>\n<meta name=\"robots\" content=\"index, follow, max-snippet:-1, max-image-preview:large, max-video-preview:-1\" \/>\n<link rel=\"canonical\" href=\"https:\/\/www.2mecs.de\/wp\/act-up\/\" \/>\n<meta property=\"og:locale\" content=\"de_DE\" \/>\n<meta property=\"og:type\" content=\"article\" \/>\n<meta property=\"og:title\" content=\"ACT UP Aids-Aktivismus Aids Coalition to Unleash Power\" \/>\n<meta property=\"og:description\" content=\"ACT UP \u00dcbersicht Aids-Aktivismus Deutschland ab Ende 1980er Jahre Aktionen Aids-Krise Menschen mit HIV Aids Act-Up ACTUP Europa\" \/>\n<meta property=\"og:url\" content=\"https:\/\/www.2mecs.de\/wp\/act-up\/\" \/>\n<meta property=\"og:site_name\" content=\"2mecs\" \/>\n<meta property=\"article:publisher\" content=\"https:\/\/www.facebook.com\/UlliWuerdemann\" \/>\n<meta property=\"article:modified_time\" content=\"2023-04-19T09:02:25+00:00\" \/>\n<meta property=\"og:image\" content=\"https:\/\/www.2mecs.de\/wp\/wp-content\/uploads\/2013\/03\/ACTUP_DAC_Wiesbaden_1992_a.jpg\" \/>\n<meta name=\"twitter:card\" content=\"summary_large_image\" \/>\n<meta name=\"twitter:site\" content=\"@2mecs\" \/>\n<meta name=\"twitter:label1\" content=\"Gesch\u00e4tzte Lesezeit\" \/>\n\t<meta name=\"twitter:data1\" content=\"6\u00a0Minuten\" \/>\n<script type=\"application\/ld+json\" class=\"yoast-schema-graph\">{\"@context\":\"https:\\\/\\\/schema.org\",\"@graph\":[{\"@type\":\"WebPage\",\"@id\":\"https:\\\/\\\/www.2mecs.de\\\/wp\\\/act-up\\\/\",\"url\":\"https:\\\/\\\/www.2mecs.de\\\/wp\\\/act-up\\\/\",\"name\":\"ACT UP Aids-Aktivismus Aids Coalition to Unleash Power\",\"isPartOf\":{\"@id\":\"https:\\\/\\\/www.2mecs.de\\\/wp\\\/#website\"},\"primaryImageOfPage\":{\"@id\":\"https:\\\/\\\/www.2mecs.de\\\/wp\\\/act-up\\\/#primaryimage\"},\"image\":{\"@id\":\"https:\\\/\\\/www.2mecs.de\\\/wp\\\/act-up\\\/#primaryimage\"},\"thumbnailUrl\":\"https:\\\/\\\/www.2mecs.de\\\/wp\\\/wp-content\\\/uploads\\\/2013\\\/03\\\/ACTUP_DAC_Wiesbaden_1992_a.jpg\",\"datePublished\":\"2013-06-19T11:35:24+00:00\",\"dateModified\":\"2023-04-19T09:02:25+00:00\",\"description\":\"ACT UP \u00dcbersicht Aids-Aktivismus Deutschland ab Ende 1980er Jahre Aktionen Aids-Krise Menschen mit HIV Aids Act-Up ACTUP Europa\",\"breadcrumb\":{\"@id\":\"https:\\\/\\\/www.2mecs.de\\\/wp\\\/act-up\\\/#breadcrumb\"},\"inLanguage\":\"de\",\"potentialAction\":[{\"@type\":\"ReadAction\",\"target\":[\"https:\\\/\\\/www.2mecs.de\\\/wp\\\/act-up\\\/\"]}]},{\"@type\":\"ImageObject\",\"inLanguage\":\"de\",\"@id\":\"https:\\\/\\\/www.2mecs.de\\\/wp\\\/act-up\\\/#primaryimage\",\"url\":\"https:\\\/\\\/www.2mecs.de\\\/wp\\\/wp-content\\\/uploads\\\/2013\\\/03\\\/ACTUP_DAC_Wiesbaden_1992_a.jpg\",\"contentUrl\":\"https:\\\/\\\/www.2mecs.de\\\/wp\\\/wp-content\\\/uploads\\\/2013\\\/03\\\/ACTUP_DAC_Wiesbaden_1992_a.jpg\",\"width\":972,\"height\":694,\"caption\":\"ACT UP Aktion beim 3. Deutschen Aids-Kongress Wiesbaden 1992\"},{\"@type\":\"BreadcrumbList\",\"@id\":\"https:\\\/\\\/www.2mecs.de\\\/wp\\\/act-up\\\/#breadcrumb\",\"itemListElement\":[{\"@type\":\"ListItem\",\"position\":1,\"name\":\"2mecs\",\"item\":\"https:\\\/\\\/www.2mecs.de\\\/wp\\\/\"},{\"@type\":\"ListItem\",\"position\":2,\"name\":\"ACT UP Aids-Aktivismus\"}]},{\"@type\":\"WebSite\",\"@id\":\"https:\\\/\\\/www.2mecs.de\\\/wp\\\/#website\",\"url\":\"https:\\\/\\\/www.2mecs.de\\\/wp\\\/\",\"name\":\"2mecs\",\"description\":\"\",\"publisher\":{\"@id\":\"https:\\\/\\\/www.2mecs.de\\\/wp\\\/#\\\/schema\\\/person\\\/b7eefbb1df4a84f40cdff92f9e45d996\"},\"potentialAction\":[{\"@type\":\"SearchAction\",\"target\":{\"@type\":\"EntryPoint\",\"urlTemplate\":\"https:\\\/\\\/www.2mecs.de\\\/wp\\\/?s={search_term_string}\"},\"query-input\":{\"@type\":\"PropertyValueSpecification\",\"valueRequired\":true,\"valueName\":\"search_term_string\"}}],\"inLanguage\":\"de\"},{\"@type\":[\"Person\",\"Organization\"],\"@id\":\"https:\\\/\\\/www.2mecs.de\\\/wp\\\/#\\\/schema\\\/person\\\/b7eefbb1df4a84f40cdff92f9e45d996\",\"name\":\"Ulrich W\u00fcrdemann\",\"image\":{\"@type\":\"ImageObject\",\"inLanguage\":\"de\",\"@id\":\"https:\\\/\\\/www.2mecs.de\\\/wp\\\/wp-content\\\/uploads\\\/2024\\\/09\\\/Ulli-2024-Kiel.jpg\",\"url\":\"https:\\\/\\\/www.2mecs.de\\\/wp\\\/wp-content\\\/uploads\\\/2024\\\/09\\\/Ulli-2024-Kiel.jpg\",\"contentUrl\":\"https:\\\/\\\/www.2mecs.de\\\/wp\\\/wp-content\\\/uploads\\\/2024\\\/09\\\/Ulli-2024-Kiel.jpg\",\"width\":200,\"height\":200,\"caption\":\"Ulrich W\u00fcrdemann\"},\"logo\":{\"@id\":\"https:\\\/\\\/www.2mecs.de\\\/wp\\\/wp-content\\\/uploads\\\/2024\\\/09\\\/Ulli-2024-Kiel.jpg\"},\"description\":\"einer der beiden 2mecs. Schwulenbewegt, Aids- und Therapie-Aktivist. Von 2005 bis 2012 Herausgeber www.ondamaris.de Ulli ist Frankreich-Liebhaber &amp; Bordeaux- \\\/ Lacanau-Fan. Mehr unter 2mecs -&gt; Ulli -&gt; Biographisches\",\"sameAs\":[\"http:\\\/\\\/www.2mecs.de\\\/wp\\\/\",\"https:\\\/\\\/www.facebook.com\\\/UlliWuerdemann\",\"https:\\\/\\\/www.instagram.com\\\/ulli_2mecs\\\/\",\"https:\\\/\\\/www.youtube.com\\\/channel\\\/UCbk075wzRnAk2_sbCYCAVNA\\\/\"]}]}<\/script>\n<!-- \/ Yoast SEO plugin. -->","yoast_head_json":{"title":"ACT UP Aids-Aktivismus Aids Coalition to Unleash Power","description":"ACT UP \u00dcbersicht Aids-Aktivismus Deutschland ab Ende 1980er Jahre Aktionen Aids-Krise Menschen mit HIV Aids Act-Up ACTUP Europa","robots":{"index":"index","follow":"follow","max-snippet":"max-snippet:-1","max-image-preview":"max-image-preview:large","max-video-preview":"max-video-preview:-1"},"canonical":"https:\/\/www.2mecs.de\/wp\/act-up\/","og_locale":"de_DE","og_type":"article","og_title":"ACT UP Aids-Aktivismus Aids Coalition to Unleash Power","og_description":"ACT UP \u00dcbersicht Aids-Aktivismus Deutschland ab Ende 1980er Jahre Aktionen Aids-Krise Menschen mit HIV Aids Act-Up ACTUP Europa","og_url":"https:\/\/www.2mecs.de\/wp\/act-up\/","og_site_name":"2mecs","article_publisher":"https:\/\/www.facebook.com\/UlliWuerdemann","article_modified_time":"2023-04-19T09:02:25+00:00","og_image":[{"url":"https:\/\/www.2mecs.de\/wp\/wp-content\/uploads\/2013\/03\/ACTUP_DAC_Wiesbaden_1992_a.jpg","type":"","width":"","height":""}],"twitter_card":"summary_large_image","twitter_site":"@2mecs","twitter_misc":{"Gesch\u00e4tzte Lesezeit":"6\u00a0Minuten"},"schema":{"@context":"https:\/\/schema.org","@graph":[{"@type":"WebPage","@id":"https:\/\/www.2mecs.de\/wp\/act-up\/","url":"https:\/\/www.2mecs.de\/wp\/act-up\/","name":"ACT UP Aids-Aktivismus Aids Coalition to Unleash Power","isPartOf":{"@id":"https:\/\/www.2mecs.de\/wp\/#website"},"primaryImageOfPage":{"@id":"https:\/\/www.2mecs.de\/wp\/act-up\/#primaryimage"},"image":{"@id":"https:\/\/www.2mecs.de\/wp\/act-up\/#primaryimage"},"thumbnailUrl":"https:\/\/www.2mecs.de\/wp\/wp-content\/uploads\/2013\/03\/ACTUP_DAC_Wiesbaden_1992_a.jpg","datePublished":"2013-06-19T11:35:24+00:00","dateModified":"2023-04-19T09:02:25+00:00","description":"ACT UP \u00dcbersicht Aids-Aktivismus Deutschland ab Ende 1980er Jahre Aktionen Aids-Krise Menschen mit HIV Aids Act-Up ACTUP Europa","breadcrumb":{"@id":"https:\/\/www.2mecs.de\/wp\/act-up\/#breadcrumb"},"inLanguage":"de","potentialAction":[{"@type":"ReadAction","target":["https:\/\/www.2mecs.de\/wp\/act-up\/"]}]},{"@type":"ImageObject","inLanguage":"de","@id":"https:\/\/www.2mecs.de\/wp\/act-up\/#primaryimage","url":"https:\/\/www.2mecs.de\/wp\/wp-content\/uploads\/2013\/03\/ACTUP_DAC_Wiesbaden_1992_a.jpg","contentUrl":"https:\/\/www.2mecs.de\/wp\/wp-content\/uploads\/2013\/03\/ACTUP_DAC_Wiesbaden_1992_a.jpg","width":972,"height":694,"caption":"ACT UP Aktion beim 3. Deutschen Aids-Kongress Wiesbaden 1992"},{"@type":"BreadcrumbList","@id":"https:\/\/www.2mecs.de\/wp\/act-up\/#breadcrumb","itemListElement":[{"@type":"ListItem","position":1,"name":"2mecs","item":"https:\/\/www.2mecs.de\/wp\/"},{"@type":"ListItem","position":2,"name":"ACT UP Aids-Aktivismus"}]},{"@type":"WebSite","@id":"https:\/\/www.2mecs.de\/wp\/#website","url":"https:\/\/www.2mecs.de\/wp\/","name":"2mecs","description":"","publisher":{"@id":"https:\/\/www.2mecs.de\/wp\/#\/schema\/person\/b7eefbb1df4a84f40cdff92f9e45d996"},"potentialAction":[{"@type":"SearchAction","target":{"@type":"EntryPoint","urlTemplate":"https:\/\/www.2mecs.de\/wp\/?s={search_term_string}"},"query-input":{"@type":"PropertyValueSpecification","valueRequired":true,"valueName":"search_term_string"}}],"inLanguage":"de"},{"@type":["Person","Organization"],"@id":"https:\/\/www.2mecs.de\/wp\/#\/schema\/person\/b7eefbb1df4a84f40cdff92f9e45d996","name":"Ulrich W\u00fcrdemann","image":{"@type":"ImageObject","inLanguage":"de","@id":"https:\/\/www.2mecs.de\/wp\/wp-content\/uploads\/2024\/09\/Ulli-2024-Kiel.jpg","url":"https:\/\/www.2mecs.de\/wp\/wp-content\/uploads\/2024\/09\/Ulli-2024-Kiel.jpg","contentUrl":"https:\/\/www.2mecs.de\/wp\/wp-content\/uploads\/2024\/09\/Ulli-2024-Kiel.jpg","width":200,"height":200,"caption":"Ulrich W\u00fcrdemann"},"logo":{"@id":"https:\/\/www.2mecs.de\/wp\/wp-content\/uploads\/2024\/09\/Ulli-2024-Kiel.jpg"},"description":"einer der beiden 2mecs. Schwulenbewegt, Aids- und Therapie-Aktivist. Von 2005 bis 2012 Herausgeber www.ondamaris.de Ulli ist Frankreich-Liebhaber &amp; Bordeaux- \/ Lacanau-Fan. Mehr unter 2mecs -&gt; Ulli -&gt; Biographisches","sameAs":["http:\/\/www.2mecs.de\/wp\/","https:\/\/www.facebook.com\/UlliWuerdemann","https:\/\/www.instagram.com\/ulli_2mecs\/","https:\/\/www.youtube.com\/channel\/UCbk075wzRnAk2_sbCYCAVNA\/"]}]}},"amp_enabled":true,"_links":{"self":[{"href":"https:\/\/www.2mecs.de\/wp\/wp-json\/wp\/v2\/pages\/11696","targetHints":{"allow":["GET"]}}],"collection":[{"href":"https:\/\/www.2mecs.de\/wp\/wp-json\/wp\/v2\/pages"}],"about":[{"href":"https:\/\/www.2mecs.de\/wp\/wp-json\/wp\/v2\/types\/page"}],"author":[{"embeddable":true,"href":"https:\/\/www.2mecs.de\/wp\/wp-json\/wp\/v2\/users\/2"}],"replies":[{"embeddable":true,"href":"https:\/\/www.2mecs.de\/wp\/wp-json\/wp\/v2\/comments?post=11696"}],"version-history":[{"count":4,"href":"https:\/\/www.2mecs.de\/wp\/wp-json\/wp\/v2\/pages\/11696\/revisions"}],"predecessor-version":[{"id":64462,"href":"https:\/\/www.2mecs.de\/wp\/wp-json\/wp\/v2\/pages\/11696\/revisions\/64462"}],"wp:attachment":[{"href":"https:\/\/www.2mecs.de\/wp\/wp-json\/wp\/v2\/media?parent=11696"}],"curies":[{"name":"wp","href":"https:\/\/api.w.org\/{rel}","templated":true}]}}